{"id":7773,"date":"2023-10-18T18:23:39","date_gmt":"2023-10-18T16:23:39","guid":{"rendered":"https:\/\/agusticarmona.es\/?page_id=7773"},"modified":"2023-10-19T23:04:56","modified_gmt":"2023-10-19T21:04:56","slug":"condiciones-de-la-conferencia","status":"publish","type":"page","link":"https:\/\/agusticarmona.es\/index.php\/condiciones-de-la-conferencia\/","title":{"rendered":"Condiciones de la conferencia"},"content":{"rendered":"\t\t<div data-elementor-type=\"wp-page\" data-elementor-id=\"7773\" class=\"elementor elementor-7773\">\n\t\t\t\t\t\t\t<div class=\"elementor-element elementor-element-b34da1c e-flex e-con-boxed e-con e-parent\" data-id=\"b34da1c\" data-element_type=\"container\" data-settings=\"{&quot;content_width&quot;:&quot;boxed&quot;}\" data-core-v316-plus=\"true\">\n\t\t\t\t\t<div class=\"e-con-inner\">\n\t\t\t\t<div class=\"elementor-element elementor-element-5069eff elementor-widget elementor-widget-heading\" data-id=\"5069eff\" data-element_type=\"widget\" data-widget_type=\"heading.default\">\n\t\t\t\t<div class=\"elementor-widget-container\">\n\t\t\t<style>\/*! elementor - v3.16.0 - 20-09-2023 *\/\n.elementor-heading-title{padding:0;margin:0;line-height:1}.elementor-widget-heading .elementor-heading-title[class*=elementor-size-]>a{color:inherit;font-size:inherit;line-height:inherit}.elementor-widget-heading .elementor-heading-title.elementor-size-small{font-size:15px}.elementor-widget-heading .elementor-heading-title.elementor-size-medium{font-size:19px}.elementor-widget-heading .elementor-heading-title.elementor-size-large{font-size:29px}.elementor-widget-heading .elementor-heading-title.elementor-size-xl{font-size:39px}.elementor-widget-heading .elementor-heading-title.elementor-size-xxl{font-size:59px}<\/style><h2 class=\"elementor-heading-title elementor-size-default\">T\u00e9rminos y condiciones de la grabaci\u00f3n<\/h2>\t\t<\/div>\n\t\t\t\t<\/div>\n\t\t\t\t\t<\/div>\n\t\t\t\t<\/div>\n\t\t<div class=\"elementor-element elementor-element-7a8a846 e-flex e-con-boxed e-con e-parent\" data-id=\"7a8a846\" data-element_type=\"container\" data-settings=\"{&quot;content_width&quot;:&quot;boxed&quot;}\" data-core-v316-plus=\"true\">\n\t\t\t\t\t<div class=\"e-con-inner\">\n\t\t\t\t<div class=\"elementor-element elementor-element-387396b elementor-widget elementor-widget-text-editor\" data-id=\"387396b\" data-element_type=\"widget\" data-widget_type=\"text-editor.default\">\n\t\t\t\t<div class=\"elementor-widget-container\">\n\t\t\t<style>\/*! elementor - v3.16.0 - 20-09-2023 *\/\n.elementor-widget-text-editor.elementor-drop-cap-view-stacked .elementor-drop-cap{background-color:#69727d;color:#fff}.elementor-widget-text-editor.elementor-drop-cap-view-framed .elementor-drop-cap{color:#69727d;border:3px solid;background-color:transparent}.elementor-widget-text-editor:not(.elementor-drop-cap-view-default) .elementor-drop-cap{margin-top:8px}.elementor-widget-text-editor:not(.elementor-drop-cap-view-default) .elementor-drop-cap-letter{width:1em;height:1em}.elementor-widget-text-editor .elementor-drop-cap{float:left;text-align:center;line-height:1;font-size:50px}.elementor-widget-text-editor .elementor-drop-cap-letter{display:inline-block}<\/style>\t\t\t\t<ol><li><strong>Consentimiento Informado<\/strong>: Antes de grabar la videoconferencia, se obtendr\u00e1 el consentimiento informado de todos los participantes. Esto significa que cada persona ser\u00e1 notificada de que la reuni\u00f3n se grabar\u00e1 y debe dar su consentimiento expl\u00edcito para ser grabada y que el v\u00eddeo se publique en l\u00ednea. Esto se har\u00e1 a trav\u00e9s de un aviso al comienzo de la reuni\u00f3n.<\/li><li><strong>Limite de la Divulgaci\u00f3n de Datos Personales<\/strong>: no se mostrar\u00e1 informaci\u00f3n personal sensible de los participantes, como n\u00fameros de tel\u00e9fono, direcciones de correo electr\u00f3nico, direcciones f\u00edsicas u otros datos personales en el v\u00eddeo.<\/li><li><strong>Moderaci\u00f3n de Contenido<\/strong>: Durante la grabaci\u00f3n, no se divulgar\u00e1 contenido inapropiado, difamatorio, ilegal o confidencial. Se cumplir\u00e1n las pol\u00edticas de uso aceptable de la plataforma de videoconferencia y moderar\u00e1 cualquier discusi\u00f3n que pueda ser perjudicial o ilegal.<\/li><li><strong>Derechos de Autor<\/strong>: Si durante la videoconferencia no se podr\u00e1n mostrar o reproducir contenido con derechos de autor sin los permisos necesarios para mostrarlo en el v\u00eddeo.<\/li><li><strong>Edici\u00f3n Responsable<\/strong>: Antes de publicar el v\u00eddeo en YouTube, se revisar\u00e1 el contenido y se ed\u00edtar\u00e1 para eliminar informaci\u00f3n confidencial o inapropiada para asegurar de que el v\u00eddeo sea respetuoso y cumpla con las pol\u00edticas de la plataforma.<\/li><li><strong>Proporciona Cr\u00e9dito<\/strong>: Si se muestran diapositivas, im\u00e1genes u otros materiales propiedad de terceros en la videoconferencia, se proporcionar\u00e1 el debido cr\u00e9dito a los titulares de derechos de autor seg\u00fan corresponda.<\/li><li><strong>Configuraci\u00f3n de Privacidad<\/strong>: Se ajustar\u00e1 la configuraci\u00f3n de privacidad en YouTube seg\u00fan las preferencias. Pudiendo configurar el v\u00eddeo como p\u00fablico, privado o no listado, seg\u00fan la elecci\u00f3n del propietario del canal.<\/li><li><strong>Tarifas de Grabaci\u00f3n<\/strong>: Se notifica a los participantes que la participaci\u00f3n en la videoconferencia tiene un costo de 50\u20ac, o que pueden participar de forma gratuita si consienten la grabaci\u00f3n y publicaci\u00f3n del v\u00eddeo en el canal de YouTube. Esto permite a los participantes elegir libremente si desean aceptar los t\u00e9rminos y condiciones de la grabaci\u00f3n. Aseg\u00farate de proporcionar esta informaci\u00f3n de manera clara y temprana para que todos los participantes est\u00e9n plenamente informados.<\/li><\/ol>\t\t\t\t\t\t<\/div>\n\t\t\t\t<\/div>\n\t\t\t\t\t<\/div>\n\t\t\t\t<\/div>\n\t\t\t\t\t\t\t<\/div>\n\t\t","protected":false},"excerpt":{"rendered":"<p>T\u00e9rminos y condiciones de la grabaci\u00f3n Consentimiento Informado: Antes de grabar la videoconferencia, se obtendr\u00e1 el consentimiento informado de todos los participantes. Esto significa que cada persona ser\u00e1 notificada de que la reuni\u00f3n se grabar\u00e1 y debe dar su consentimiento expl\u00edcito para ser grabada y que el v\u00eddeo se publique en l\u00ednea. Esto se har\u00e1 [&hellip;]<\/p>\n","protected":false},"author":1,"featured_media":0,"parent":0,"menu_order":0,"comment_status":"closed","ping_status":"closed","template":"","meta":{"_uag_custom_page_level_css":"","site-sidebar-layout":"no-sidebar","site-content-layout":"page-builder","ast-site-content-layout":"full-width-container","site-content-style":"default","site-sidebar-style":"default","ast-global-header-display":"","ast-banner-title-visibility":"","ast-main-header-display":"","ast-hfb-above-header-display":"","ast-hfb-below-header-display":"","ast-hfb-mobile-header-display":"","site-post-title":"disabled","ast-breadcrumbs-content":"","ast-featured-img":"disabled","footer-sml-layout":"","theme-transparent-header-meta":"","adv-header-id-meta":"","stick-header-meta":"","header-above-stick-meta":"","header-main-stick-meta":"","header-below-stick-meta":"","astra-migrate-meta-layouts":"set","ast-page-background-enabled":"default","ast-page-background-meta":{"desktop":{"background-color":"","background-image":"","background-repeat":"repeat","background-position":"center center","background-size":"auto","background-attachment":"scroll","background-type":"","background-media":"","overlay-type":"","overlay-color":"","overlay-gradient":""},"tablet":{"background-color":"","background-image":"","background-repeat":"repeat","background-position":"center center","background-size":"auto","background-attachment":"scroll","background-type":"","background-media":"","overlay-type":"","overlay-color":"","overlay-gradient":""},"mobile":{"background-color":"","background-image":"","background-repeat":"repeat","background-position":"center center","background-size":"auto","background-attachment":"scroll","background-type":"","background-media":"","overlay-type":"","overlay-color":"","overlay-gradient":""}},"ast-content-background-meta":{"desktop":{"background-color":"var(--ast-global-color-5)","background-image":"","background-repeat":"repeat","background-position":"center center","background-size":"auto","background-attachment":"scroll","background-type":"","background-media":"","overlay-type":"","overlay-color":"","overlay-gradient":""},"tablet":{"background-color":"var(--ast-global-color-5)","background-image":"","background-repeat":"repeat","background-position":"center center","background-size":"auto","background-attachment":"scroll","background-type":"","background-media":"","overlay-type":"","overlay-color":"","overlay-gradient":""},"mobile":{"background-color":"var(--ast-global-color-5)","background-image":"","background-repeat":"repeat","background-position":"center center","background-size":"auto","background-attachment":"scroll","background-type":"","background-media":"","overlay-type":"","overlay-color":"","overlay-gradient":""}},"footnotes":""},"class_list":["post-7773","page","type-page","status-publish","hentry"],"yoast_head":"<!-- This site is optimized with the Yoast SEO plugin v21.4 - https:\/\/yoast.com\/wordpress\/plugins\/seo\/ -->\n<title>Condiciones de la conferencia - Agust\u00ed Carmona<\/title>\n<meta name=\"robots\" content=\"noindex, nofollow\" \/>\n<meta property=\"og:locale\" content=\"es_ES\" \/>\n<meta property=\"og:type\" content=\"article\" \/>\n<meta property=\"og:title\" content=\"Condiciones de la conferencia - Agust\u00ed Carmona\" \/>\n<meta property=\"og:description\" content=\"T\u00e9rminos y condiciones de la grabaci\u00f3n Consentimiento Informado: Antes de grabar la videoconferencia, se obtendr\u00e1 el consentimiento informado de todos los participantes. Esto significa que cada persona ser\u00e1 notificada de que la reuni\u00f3n se grabar\u00e1 y debe dar su consentimiento expl\u00edcito para ser grabada y que el v\u00eddeo se publique en l\u00ednea. Esto se har\u00e1 [&hellip;]\" \/>\n<meta property=\"og:url\" content=\"https:\/\/agusticarmona.es\/index.php\/condiciones-de-la-conferencia\/\" \/>\n<meta property=\"og:site_name\" content=\"Agust\u00ed Carmona\" \/>\n<meta property=\"article:modified_time\" content=\"2023-10-19T21:04:56+00:00\" \/>\n<meta property=\"og:image\" content=\"https:\/\/agusticarmona.es\/wp-content\/uploads\/2023\/10\/31122008-P1013901-scaled.jpg\" \/>\n\t<meta property=\"og:image:width\" content=\"2560\" \/>\n\t<meta property=\"og:image:height\" content=\"1768\" \/>\n\t<meta property=\"og:image:type\" content=\"image\/jpeg\" \/>\n<meta name=\"twitter:card\" content=\"summary_large_image\" \/>\n<meta name=\"twitter:label1\" content=\"Tiempo de lectura\" \/>\n\t<meta name=\"twitter:data1\" content=\"2 minutos\" \/>\n<script type=\"application\/ld+json\" class=\"yoast-schema-graph\">{\"@context\":\"https:\/\/schema.org\",\"@graph\":[{\"@type\":\"WebPage\",\"@id\":\"https:\/\/agusticarmona.es\/index.php\/condiciones-de-la-conferencia\/\",\"url\":\"https:\/\/agusticarmona.es\/index.php\/condiciones-de-la-conferencia\/\",\"name\":\"Condiciones de la conferencia - Agust\u00ed Carmona\",\"isPartOf\":{\"@id\":\"https:\/\/agusticarmona.es\/#website\"},\"datePublished\":\"2023-10-18T16:23:39+00:00\",\"dateModified\":\"2023-10-19T21:04:56+00:00\",\"inLanguage\":\"es\",\"potentialAction\":[{\"@type\":\"ReadAction\",\"target\":[\"https:\/\/agusticarmona.es\/index.php\/condiciones-de-la-conferencia\/\"]}]},{\"@type\":\"WebSite\",\"@id\":\"https:\/\/agusticarmona.es\/#website\",\"url\":\"https:\/\/agusticarmona.es\/\",\"name\":\"Agust\u00ed Carmona\",\"description\":\"Viajando en moto por el mundo\",\"publisher\":{\"@id\":\"https:\/\/agusticarmona.es\/#\/schema\/person\/4a10fd4f25c9be529f75cdd962f516b9\"},\"alternateName\":\"Viajando en moto por el mundo\",\"potentialAction\":[{\"@type\":\"SearchAction\",\"target\":{\"@type\":\"EntryPoint\",\"urlTemplate\":\"https:\/\/agusticarmona.es\/?s={search_term_string}\"},\"query-input\":\"required name=search_term_string\"}],\"inLanguage\":\"es\"},{\"@type\":[\"Person\",\"Organization\"],\"@id\":\"https:\/\/agusticarmona.es\/#\/schema\/person\/4a10fd4f25c9be529f75cdd962f516b9\",\"name\":\"Agusti Carmona\",\"image\":{\"@type\":\"ImageObject\",\"inLanguage\":\"es\",\"@id\":\"https:\/\/agusticarmona.es\/#\/schema\/person\/image\/\",\"url\":\"https:\/\/secure.gravatar.com\/avatar\/1f72779a1f8eaa480fc086ed1efc95f7?s=96&d=mm&r=g\",\"contentUrl\":\"https:\/\/secure.gravatar.com\/avatar\/1f72779a1f8eaa480fc086ed1efc95f7?s=96&d=mm&r=g\",\"caption\":\"Agusti Carmona\"},\"logo\":{\"@id\":\"https:\/\/agusticarmona.es\/#\/schema\/person\/image\/\"}}]}<\/script>\n<!-- \/ Yoast SEO plugin. -->","yoast_head_json":{"title":"Condiciones de la conferencia - Agust\u00ed Carmona","robots":{"index":"noindex","follow":"nofollow"},"og_locale":"es_ES","og_type":"article","og_title":"Condiciones de la conferencia - Agust\u00ed Carmona","og_description":"T\u00e9rminos y condiciones de la grabaci\u00f3n Consentimiento Informado: Antes de grabar la videoconferencia, se obtendr\u00e1 el consentimiento informado de todos los participantes. Esto significa que cada persona ser\u00e1 notificada de que la reuni\u00f3n se grabar\u00e1 y debe dar su consentimiento expl\u00edcito para ser grabada y que el v\u00eddeo se publique en l\u00ednea. Esto se har\u00e1 [&hellip;]","og_url":"https:\/\/agusticarmona.es\/index.php\/condiciones-de-la-conferencia\/","og_site_name":"Agust\u00ed Carmona","article_modified_time":"2023-10-19T21:04:56+00:00","og_image":[{"width":2560,"height":1768,"url":"https:\/\/agusticarmona.es\/wp-content\/uploads\/2023\/10\/31122008-P1013901-scaled.jpg","type":"image\/jpeg"}],"twitter_card":"summary_large_image","twitter_misc":{"Tiempo de lectura":"2 minutos"},"schema":{"@context":"https:\/\/schema.org","@graph":[{"@type":"WebPage","@id":"https:\/\/agusticarmona.es\/index.php\/condiciones-de-la-conferencia\/","url":"https:\/\/agusticarmona.es\/index.php\/condiciones-de-la-conferencia\/","name":"Condiciones de la conferencia - Agust\u00ed Carmona","isPartOf":{"@id":"https:\/\/agusticarmona.es\/#website"},"datePublished":"2023-10-18T16:23:39+00:00","dateModified":"2023-10-19T21:04:56+00:00","inLanguage":"es","potentialAction":[{"@type":"ReadAction","target":["https:\/\/agusticarmona.es\/index.php\/condiciones-de-la-conferencia\/"]}]},{"@type":"WebSite","@id":"https:\/\/agusticarmona.es\/#website","url":"https:\/\/agusticarmona.es\/","name":"Agust\u00ed Carmona","description":"Viajando en moto por el mundo","publisher":{"@id":"https:\/\/agusticarmona.es\/#\/schema\/person\/4a10fd4f25c9be529f75cdd962f516b9"},"alternateName":"Viajando en moto por el mundo","potentialAction":[{"@type":"SearchAction","target":{"@type":"EntryPoint","urlTemplate":"https:\/\/agusticarmona.es\/?s={search_term_string}"},"query-input":"required name=search_term_string"}],"inLanguage":"es"},{"@type":["Person","Organization"],"@id":"https:\/\/agusticarmona.es\/#\/schema\/person\/4a10fd4f25c9be529f75cdd962f516b9","name":"Agusti Carmona","image":{"@type":"ImageObject","inLanguage":"es","@id":"https:\/\/agusticarmona.es\/#\/schema\/person\/image\/","url":"https:\/\/secure.gravatar.com\/avatar\/1f72779a1f8eaa480fc086ed1efc95f7?s=96&d=mm&r=g","contentUrl":"https:\/\/secure.gravatar.com\/avatar\/1f72779a1f8eaa480fc086ed1efc95f7?s=96&d=mm&r=g","caption":"Agusti Carmona"},"logo":{"@id":"https:\/\/agusticarmona.es\/#\/schema\/person\/image\/"}}]}},"uagb_featured_image_src":{"full":false,"thumbnail":false,"medium":false,"medium_large":false,"large":false,"1536x1536":false,"2048x2048":false,"woocommerce_thumbnail":false,"woocommerce_single":false,"woocommerce_gallery_thumbnail":false},"uagb_author_info":{"display_name":"agusti.cr","author_link":"https:\/\/agusticarmona.es\/index.php\/author\/agusti-cr\/"},"uagb_comment_info":0,"uagb_excerpt":"T\u00e9rminos y condiciones de la grabaci\u00f3n Consentimiento Informado: Antes de grabar la videoconferencia, se obtendr\u00e1 el consentimiento informado de todos los participantes. Esto significa que cada persona ser\u00e1 notificada de que la reuni\u00f3n se grabar\u00e1 y debe dar su consentimiento expl\u00edcito para ser grabada y que el v\u00eddeo se publique en l\u00ednea. Esto se har\u00e1&hellip;","_links":{"self":[{"href":"https:\/\/agusticarmona.es\/index.php\/wp-json\/wp\/v2\/pages\/7773","targetHints":{"allow":["GET"]}}],"collection":[{"href":"https:\/\/agusticarmona.es\/index.php\/wp-json\/wp\/v2\/pages"}],"about":[{"href":"https:\/\/agusticarmona.es\/index.php\/wp-json\/wp\/v2\/types\/page"}],"author":[{"embeddable":true,"href":"https:\/\/agusticarmona.es\/index.php\/wp-json\/wp\/v2\/users\/1"}],"replies":[{"embeddable":true,"href":"https:\/\/agusticarmona.es\/index.php\/wp-json\/wp\/v2\/comments?post=7773"}],"version-history":[{"count":30,"href":"https:\/\/agusticarmona.es\/index.php\/wp-json\/wp\/v2\/pages\/7773\/revisions"}],"predecessor-version":[{"id":7922,"href":"https:\/\/agusticarmona.es\/index.php\/wp-json\/wp\/v2\/pages\/7773\/revisions\/7922"}],"wp:attachment":[{"href":"https:\/\/agusticarmona.es\/index.php\/wp-json\/wp\/v2\/media?parent=7773"}],"curies":[{"name":"wp","href":"https:\/\/api.w.org\/{rel}","templated":true}]}}